{"id":39,"date":"2016-03-15T09:47:29","date_gmt":"2016-03-15T09:47:29","guid":{"rendered":"http:\/\/nordsjaelland.danmarksveteraner.dk\/wordpress\/?page_id=39"},"modified":"2022-03-25T11:06:10","modified_gmt":"2022-03-25T10:06:10","slug":"vedtaegter","status":"publish","type":"page","link":"https:\/\/nordsjaelland.danmarksveteraner.dk\/wordpress\/?page_id=39","title":{"rendered":"Vedt\u00e6gter"},"content":{"rendered":"\n<div class=\"wp-block-image\"><figure class=\"aligncenter is-resized\"><img loading=\"lazy\" decoding=\"async\" src=\"https:\/\/nordsjaelland.danmarksveteraner.dk\/wordpress\/wp-content\/uploads\/2019\/03\/35267142_341743789691886_7101818699853594624_n.jpg\" alt=\"\" class=\"wp-image-2467\" width=\"329\" height=\"377\" srcset=\"https:\/\/nordsjaelland.danmarksveteraner.dk\/wordpress\/wp-content\/uploads\/2019\/03\/35267142_341743789691886_7101818699853594624_n.jpg 439w, https:\/\/nordsjaelland.danmarksveteraner.dk\/wordpress\/wp-content\/uploads\/2019\/03\/35267142_341743789691886_7101818699853594624_n-262x300.jpg 262w\" sizes=\"auto, (max-width: 329px) 100vw, 329px\" \/><\/figure><\/div>\n\n\n<h5 style=\"text-align: center;\"><strong>Vedt\u00e6gter<\/strong><\/h5>\n<h5 style=\"text-align: center;\"><strong>for<\/strong><\/h5>\n<h5 style=\"text-align: center;\"><strong>Danmarks Veteraner Nordsj\u00e6lland<\/strong><\/h5>\n\n\n<p><\/p>\n\n\n\n<p> <strong>1. Foreningens navn:<\/strong><\/p>\n\n\n\n<p><strong>Danmarks Veteraner Nordsj\u00e6lland<\/strong>.<\/p>\n\n\n\n<p>Foreningens hjemsted er den til enhver tid siddende formands adresse (hjemby).<\/p>\n\n\n\n<p><strong>\u00a7 2. Form\u00e5l:<\/strong><\/p>\n\n\n\n<p>Det er foreningens form\u00e5l:<\/p>\n\n\n\n<ol class=\"wp-block-list\" type=\"1\"><li>at samle hjemsendt og tjenstg\u00f8rende personel, der har v\u00e6ret udsendt af Danmark til fredsst\u00f8ttende\/fredsskabende og humanit\u00e6re missioner, for derigennem at styrke og knytte de kammeratlige b\u00e5nd blandt medlemmerne<\/li><li>at medvirke til oplysning om de aktiviteter dansk personel deltager og har deltaget i<\/li><li>at h\u00e6dre veteraner \u2013 herunder afd\u00f8de \u2013 p\u00e5 v\u00e6rdig vis<\/li><li>at deltage i markeringen af s\u00e6rlige begivenheder s\u00e5vel p\u00e5 landsplan som lokalt<\/li><li>at forvalte de midler der stilles til lokalforeningens r\u00e5dighed<\/li><li>gennem Veteranst\u00f8tten eller p\u00e5 anden m\u00e5de at hj\u00e6lpe veteraner, som efter hjemkomst fra international tjeneste har behov herfor.<\/li><\/ol>\n\n\n\n<p><strong>\u00a7 3. Symboler mv.:<\/strong><\/p>\n\n\n\n<p>&#8211; Foreningens farver er r\u00f8d, hvid og bl\u00e5 (de nationale, NATO og FN&#8217;s farver). Logoet er<\/p>\n\n\n\n<p>&nbsp; et dansk Mantovakors med veteranm\u00e6rket i centrum.<\/p>\n\n\n\n<p>&#8211; Foreningen anl\u00e6gger en national fane.<\/p>\n\n\n\n<p>&#8211; Foreningsfanen f\u00f8rer foreningen Danmarks Veteraners logo med teksten \u201dDanmarks Veteraner Nordsj\u00e6lland\u201d<\/p>\n\n\n\n<p>&#8211; Foreningens fane opbevares efter bestyrelsens beslutning.<\/p>\n\n\n\n<p>&#8211; Faneb\u00e6reren stiller s\u00e5 vidt det er muligt med fanen, n\u00e5r foreningen skal<\/p>\n\n\n\n<p>&nbsp;&nbsp;repr\u00e6senteres ved denne.<\/p>\n\n\n\n<p><strong>\u00a7 4. Medlemmer:<\/strong><\/p>\n\n\n\n<ol class=\"wp-block-list\" type=\"1\"><li>&nbsp;Adgang til at blive medlem af lokalforeningen er alle af \u201dRegeringen oktober 2010\u201d n\u00e6vnte definition for \u201dveteran\u201d som er\/eller har v\u00e6ret udsendt af Danmark og deltaget i en international operation, der berettiger til at modtage et veterankort.&nbsp;<\/li><li>Endvidere kan optages st\u00f8ttemedlemmer, der m\u00e5tte \u00f8nske det. Disse medlemmer modtager medlemsbladet \u201dVeteranen\u201d; men har ikke stemmeret p\u00e5 foreningens besluttende m\u00f8der.<\/li><li>Ethvert medlem, der m\u00e5tte g\u00f8re sig skyldig i en, for foreningen van\u00e6rende handling, eller ved sin handling skader foreningens omd\u00f8mme og tarv, kan af lokal- eller landsforeningen indstilles til eksklusion.<\/li><li>Afg\u00f8relse tr\u00e6ffes p\u00e5 af landsforeningens repr\u00e6sentantskab p\u00e5 f\u00f8rst kommende repr\u00e6sentantskabsm\u00f8de. Den ekskluderede har ret til p\u00e5 dette m\u00f8de, at forsvare sig og sin handling.<\/li><li>Udmeldelse sker til Landsforeningens kartoteksf\u00f8rer. Udmeldte, slettede eller ekskluderede medlemmer kan ikke g\u00f8re krav g\u00e6ldende over for hverken lokal- eller landsforeningen.<\/li><li>Under lokalforeningen kan oprettes klubber, som ledes af en klubleder.<\/li><li>Klubber er underlagt lokalforeningens vedt\u00e6gter.<\/li><li>Ethvert medlem kan indstilles til og tildeles et h\u00e6derstegn. Indstillingen sker til bestyrelsen, som skal godkende indstillingen med mindst 4\/5 flertal.<\/li><\/ol>\n\n\n\n<p>\u00a7 4 stk. 2.<br>Endvidere kan optages st\u00f8ttemedlemmer, der m\u00e5tte \u00f8nske det. Disse medlemmer modtager medlemsbladet \u201dDanmarks Veteraner\u201d; men har ikke stemmeret p\u00e5 foreningens besluttende m\u00f8der<\/p>\n\n\n\n<p><strong>\u00a7 5. Kontingent:<\/strong><\/p>\n\n\n\n<p>Foreningskontingentet opkr\u00e6ves af landsforeningen. Repr\u00e6sentantskabet tr\u00e6ffer p\u00e5 det \u00e5rlige repr\u00e6sentantskabsm\u00f8de beslutning om kontingentets st\u00f8rrelse.&nbsp; En andel af det \u00e5rlige kontingent pr. medlem tilg\u00e5r lokalforeningen. &nbsp;<\/p>\n\n\n\n<p>Manglende betaling af kontingent medf\u00f8rer sletning af medlemskab og nulstilling af anciennitet.<\/p>\n\n\n\n<p>Foreningen er ikke forpligtiget til at rykke for manglende betaling.<\/p>\n\n\n\n<p>Adresse\u00e6ndring skal meddeles landskartoteksf\u00f8reren, hvis adresse st\u00e5r i medlemsbladet. Kontingentet indeholder betaling for medlemsbladet, som udgives af landsforeningen.<\/p>\n\n\n\n<p><strong>\u00a7 6. Generalforsamling:<\/strong><\/p>\n\n\n\n<p>Ordin\u00e6r generalforsamling afholdes hvert \u00e5r senest den 31 marts og indkaldes med mindst 14 dages varsel ved meddelelse p\u00e5 lokalforeningens hjemmeside og i medlemsbladet med henvisning til lokalforeningens vedt\u00e6gter.<\/p>\n\n\n\n<p>Vedt\u00e6gter og dagsorden findes p\u00e5 lokalforeningens hjemmeside. Hvis det \u00f8nskes kan disse forud for generalforsamlingen rekvireres hos lokalforeningens formand, sekret\u00e6r eller kasserer. Personvalg er skriftlige, s\u00e5fremt mindst et medlem af forsamlingen forlanger det. Generalforsamlingens beslutninger tr\u00e6ffes ved simpelt flertal bortset fra vedt\u00e6gts\u00e6ndringer.<\/p>\n\n\n\n<p><strong>Dagsorden<\/strong><\/p>\n\n\n\n<p>1. Valg af dirigent, referent og 2 stemmet\u00e6llere.<\/p>\n\n\n\n<p>2. Formandens beretning.<\/p>\n\n\n\n<p>3. Kassereren freml\u00e6gger regnskab for indev\u00e6rende \u00e5r og budget for \u00e5r det f\u00f8lgende \u00e5r.<\/p>\n\n\n\n<p>4. Indkomne forslag. Forslag skal v\u00e6re bestyrelsen i h\u00e6nde senest 14 dage f\u00f8r generalforsamlingen. Forslaget skal v\u00e6re dateret og underskrevet af forslagsstilleren.<\/p>\n\n\n\n<p>5. Valg.<\/p>\n\n\n\n<p>a. Formand v\u00e6lges i ulige \u00e5r.<\/p>\n\n\n\n<ul class=\"wp-block-list\" id=\"block-4c0a239e-8803-4232-b70b-dfe0fd0aa11e\"><li>b. Kasserer v\u00e6lges i lige \u00e5r.<\/li><li>c. Bestyrelsesmedlemmer v\u00e6lges 2 i lige \u00e5r, 1 i ulige \u00e5r.<\/li><li>d. 2 suppleanter for bestyrelsesmedlemmer v\u00e6lges for 1 \u00e5r.<\/li><li>e. 1 revisor v\u00e6lges for 2 \u00e5r i ulige \u00e5r.<\/li><li>f. 1 revisorsuppleant v\u00e6lges for 2 \u00e5r i lige \u00e5r.<\/li><li>g. Faneb\u00e6rer for foreningsfanen v\u00e6lges for 2 \u00e5r i ulige \u00e5r.<\/li><li>h. Faneb\u00e6rer for FN-fanen v\u00e6lges for 2 \u00e5r i lige \u00e5r.<\/li><li>i. Faneb\u00e6rer for NATO-fanen v\u00e6lges for 2 \u00e5r i ulige \u00e5r.<\/li><li>j. Reserver for faneb\u00e6rere v\u00e6lges for et \u00e5r ad gangen.<\/li><li>k. 1 repr\u00e6sentant og 1 suppleant for hver p\u00e5begyndt 100 medlemmer for 1 \u00e5r ad gangen<\/li><\/ul>\n\n\n\n<p>6. Eventuelt \u2013 hvor der ikke kan tr\u00e6ffes bindende beslutninger. Her kan dr\u00f8ftes generelle eller opdukkede emner. Under eventuelt udleveres tildelte jubil\u00e6umstegn og diplomer.<\/p>\n\n\n\n<p>Ad k: Disse repr\u00e6senterer sammen med formanden foreningen p\u00e5 det \u00e5rlige repr\u00e6sentantskabsm\u00f8de.<\/p>\n\n\n\n<p><strong>\u00a7 7. Bestyrelsen:<\/strong><\/p>\n\n\n\n<p>Lokalforeningens bestyrelse \u2013 som v\u00e6lges for 2 \u00e5r af gangen \u2013 best\u00e5r af:<\/p>\n\n\n\n<p>Formand, kasserer, og tre (3) bestyrelsesmedlemmer &nbsp;<\/p>\n\n\n\n<ol class=\"wp-block-list\" type=\"1\"><li>Suppleanterne kan deltage i bestyrelsesarbejdet efter bestyrelsens anvisning, men uden stemmeret.<\/li><li>Bestyrelsen konstituerer sig \u2013 ud over den valgte formand og kasserer \u2013 ved f\u00f8rste m\u00f8de efter generalforsamlingen med n\u00e6stformand, sekret\u00e6r, udvalgsform\u00e6nd efter bestyrelsens bestemmelse, samt andre tillidsposter.<\/li><li>Bestyrelsen er ansvarlig for lokalforeningens midler og effekter, samt dens virke og trivsel.<\/li><li>&nbsp;Bestyrelsen er beslutningsdygtig med mindst 4 (fire) medlemmer samlet.<\/li><li>Bestyrelsen tr\u00e6ffer sine afg\u00f8relser ved simpelt stemmeflertal. I tilf\u00e6lde af stemmelighed, er formandens stemme afg\u00f8rende.<\/li><\/ol>\n\n\n\n<p>Bestyrelsesm\u00f8der indkaldes af formanden eller et flertal af bestyrelsen.<\/p>\n\n\n\n<p><strong>\u00a7 8. Rejseudgifter og forplejning:<\/strong><\/p>\n\n\n\n<p>Rejseudgifter og forplejning for deltagelse i m\u00f8der mv., der er indkaldt af Hovedstyrelsen, bliver delvis d\u00e6kket af tilskud fra Landsforeningen.&nbsp; \u00d8vrige rejseudgifter og fort\u00e6ring kan d\u00e6kkes af lokalforeningen i henhold til SKATS regler.<\/p>\n\n\n\n<p><strong>\u00a7 9. Revisorer:<\/strong><\/p>\n\n\n\n<p>Foreningens regnskabs\u00e5r l\u00f8ber fra 1. januar til 31. december.<\/p>\n\n\n\n<p>Den valgte interne revisor foretager revision en gang \u00e5rligt efter regnskabs\u00e5rets afslutning. Uanmeldt kasseeftersyn kan finde sted, n\u00e5r revisor \u00f8nsker det. Dog skal uanmeldt revision foretages mindst en gang \u00e5rligt. Regnskab og status skal forsynes med revisionsp\u00e5tegning af foreningens revisor<\/p>\n\n\n\n<p><strong>\u00a7 10. Ekstraordin\u00e6r generalforsamling:<\/strong><\/p>\n\n\n\n<p>Bestyrelsen eller 1\/4 af medlemmerne kan forlange indkaldt til ekstraordin\u00e6r generalforsamling ved skriftlig henvendelse til formanden.<\/p>\n\n\n\n<p><strong>\u00a7 11. Opl\u00f8sning af Lokalforeningen:<\/strong><\/p>\n\n\n\n<p>Lokalforeningen kan kun opl\u00f8ses, dersom medlemstallet kommer under 25, og da kun hvis lokalforeningens medlemmer med 4\/5 stemmer herfor. I tilf\u00e6lde af lokalforeningens opl\u00f8sning skal dens midler og effekter overf\u00f8res til landsforeningen.<\/p>\n\n\n\n<p><strong>\u00a7 12. Tegningsregler:<\/strong><\/p>\n\n\n\n<p>Lokalforeningen tegnes af formanden og mindst et bestyrelsesmedlem i foreningen. I formandens forfald indtr\u00e6der n\u00e6stformanden i dennes sted.<\/p>\n\n\n\n<p>Foreningens midler administreres dagligt af kassereren, som sammen med formanden st\u00e5r til ansvar for, at foreningens midler anvendes i henhold til vedt\u00e6gterne. Adgang til foreningens midler har kun formanden og kassereren.<\/p>\n\n\n\n<p>Formand og kasserer disponerer hver for sig.<\/p>\n\n\n\n<p>Foreningen h\u00e6fter kun for sine forpligtelser med sin formue.<\/p>\n\n\n\n<p><em>Ingen medlemmer eller bestyrelsen kan p\u00e5tage sig personlig kaution for foreningens forpligtelser.<br><br><\/em>Foreningen har til enhver tid en forpligtigelse til at have et CVR nummer samt en NemKonto og f\u00f8lger den til enhver tid g\u00e6ldende lovgivning p\u00e5 omr\u00e5det.<\/p>\n\n\n\n<p>Ved bestyrelsens konstituering, underskrives et dokument, der bekr\u00e6fter, hvem der er tegningsberettiget s\u00e5ledes at betingelserne for tegningsregler for foreningen opfyldes. Desuden vedl\u00e6gges protokollen fra det konstituerende bestyrelsesm\u00f8de.<\/p>\n\n\n\n<p><strong>\u00a7 13. Medlemskab af andre foreninger:<\/strong><\/p>\n\n\n\n<p>Lokalforeningen kan v\u00e6re medlem af andre foreninger s\u00e5fremt der er overensstemmelse mellem disse foreningers og lokalforeningens form\u00e5l, love og bestemmelser.&nbsp; Indmeldelse og udmeldelse af andre foreninger skal vedtages p\u00e5 et bestyrelsesm\u00f8de.<\/p>\n\n\n\n<p><strong>\u00a7 14. Godkendelse eller \u00e6ndring af vedt\u00e6gter:<\/strong><\/p>\n\n\n\n<p>Vedt\u00e6gts\u00e6ndringer kan kun ske p\u00e5 en generalforsamling og skal vedtages med kvalificeret flertal svarende til 2\/3 af de afgivne stemmer.<\/p>\n\n\n\n<p>S\u00e5fremt et vedt\u00e6gtsforslag opn\u00e5r simpelt, men ikke kvalificeret flertal, genfrems\u00e6ttes forslaget p\u00e5 en ekstraordin\u00e6r generalforsamling, der afholdes tidligst 3 uger efter, men senest 5 uger efter den ordin\u00e6re generalforsamling. Vedt\u00e6gts\u00e6ndringerne kan herefter vedtages med simpelt flertal.<\/p>\n\n\n\n<p><strong>\u00a7 15.<\/strong><\/p>\n\n\n\n<p>Ovenst\u00e5ende vedt\u00e6gter annullerer alle tidligere vedt\u00e6gter herunder vedt\u00e6gterne dateret FEB 2011, 25-02-2016, 23. februar 2017 samt den 21. februar 2019.<\/p>\n\n\n\n<p>S\u00e5ledes vedtaget p\u00e5 den ordin\u00e6re generalforsamling i J\u00e6gerspris Lejren l\u00f8rdag den 29. januar 2022.<\/p>\n\n\n\n<p>\u2014\u2014\u2014\u2014\u2014\u2014\u2014\u2014\u2014\u2014\u2014\u2014\u2014\u2014\u2014\u2014\u2014\u2014\u2014\u2014\u2014\u2014\u2014\u2014\u2014\u2014\u2014\u2014\u2014\u2014\u2014\u2014\u2014\u2014\u2014-<\/p>\n\n\n\n<p>Steen Sch\u00fctz, formand.<\/p>\n\n\n\n<p>\u2014\u2014\u2014\u2014\u2014\u2014\u2014\u2014\u2014\u2014\u2014\u2014\u2014\u2014\u2014\u2014\u2014\u2014\u2014\u2014\u2014\u2014\u2014\u2014\u2014\u2014\u2014\u2014\u2014\u2014\u2014\u2014\u2014\u2014\u2014\u2013<\/p>\n\n\n\n<p>Klaus Lundin, n\u00e6stformand<\/p>\n\n\n\n<p>\u2014\u2014\u2014\u2014\u2014\u2014\u2014\u2014\u2014\u2014\u2014\u2014\u2014\u2014\u2014\u2014\u2014\u2014\u2014\u2014\u2014\u2014\u2014\u2014\u2014\u2014\u2014\u2014\u2014\u2014\u2014\u2014\u2014\u2014\u2014\u2014\u2014\u2014\u2014<\/p>\n\n\n\n<p>Mogens Juul, kasserer<\/p>\n\n\n\n<p>\u2014\u2014\u2014\u2014\u2014\u2014\u2014\u2014\u2014\u2014\u2014\u2014\u2014\u2014\u2014\u2014\u2014\u2014\u2014\u2014\u2014\u2014\u2014\u2014\u2014\u2014\u2014\u2014\u2014\u2014\u2014\u2014\u2014\u2014\u2014\u2013<\/p>\n\n\n\n<p>Michaell Henrik Floyd  Vitagliano, bestyrelsesmedlem Sekret\u00e6r<\/p>\n\n\n\n<p>\u2014\u2014\u2014\u2014\u2014\u2014\u2014\u2014\u2014\u2014\u2014\u2014\u2014\u2014\u2014\u2014\u2014\u2014\u2014\u2014\u2014\u2014\u2014\u2014\u2014\u2014\u2014\u2014\u2014\u2014\u2014\u2014\u2014\u2014\u2014\u2014\u2014-<\/p>\n\n\n\n<p>Torsten Vogn Vartman Webmaster<\/p>\n\n\n\n<p>\u2014\u2014\u2014\u2014\u2014\u2014\u2014\u2014\u2014\u2014\u2014\u2014\u2014\u2014\u2014\u2014\u2014\u2014\u2014\u2014\u2014\u2014\u2014\u2014\u2014\u2014\u2014\u2014\u2014\u2014\u2014\u2014\u2014\u2014\u2014\u2014\u2014\u2013<\/p>\n\n\n\n<p>Birger Kjer Hansen, generalforsamlingens dirigent 29. januar 2022<\/p>\n\n\n\n<p>&#8212;&#8212;&#8212;&#8212;&#8212;&#8212;&#8212;&#8212;&#8212;&#8212;&#8212;&#8212;&#8212;&#8212;&#8212;&#8212;&#8212;&#8212;&#8212;&#8212;&#8212;&#8212;&#8212;&#8212;&#8212;&#8212;&#8212;&#8212;&#8212;&#8212;&#8212;&#8212;&#8212;&#8212;&#8212;&#8212;&#8212;&#8211;<\/p>\n\n\n\n<p><\/p>\n","protected":false},"excerpt":{"rendered":"<p>Vedt\u00e6gter for Danmarks Veteraner Nordsj\u00e6lland 1. Foreningens navn: Danmarks Veteraner Nordsj\u00e6lland. Foreningens hjemsted er den til enhver tid siddende formands<\/p>\n","protected":false},"author":1,"featured_media":0,"parent":34,"menu_order":1,"comment_status":"closed","ping_status":"closed","template":"","meta":{"colormag_page_container_layout":"default_layout","colormag_page_sidebar_layout":"default_layout","footnotes":""},"class_list":["post-39","page","type-page","status-publish","hentry"],"_links":{"self":[{"href":"https:\/\/nordsjaelland.danmarksveteraner.dk\/wordpress\/index.php?rest_route=\/wp\/v2\/pages\/39","targetHints":{"allow":["GET"]}}],"collection":[{"href":"https:\/\/nordsjaelland.danmarksveteraner.dk\/wordpress\/index.php?rest_route=\/wp\/v2\/pages"}],"about":[{"href":"https:\/\/nordsjaelland.danmarksveteraner.dk\/wordpress\/index.php?rest_route=\/wp\/v2\/types\/page"}],"author":[{"embeddable":true,"href":"https:\/\/nordsjaelland.danmarksveteraner.dk\/wordpress\/index.php?rest_route=\/wp\/v2\/users\/1"}],"replies":[{"embeddable":true,"href":"https:\/\/nordsjaelland.danmarksveteraner.dk\/wordpress\/index.php?rest_route=%2Fwp%2Fv2%2Fcomments&post=39"}],"version-history":[{"count":33,"href":"https:\/\/nordsjaelland.danmarksveteraner.dk\/wordpress\/index.php?rest_route=\/wp\/v2\/pages\/39\/revisions"}],"predecessor-version":[{"id":4072,"href":"https:\/\/nordsjaelland.danmarksveteraner.dk\/wordpress\/index.php?rest_route=\/wp\/v2\/pages\/39\/revisions\/4072"}],"up":[{"embeddable":true,"href":"https:\/\/nordsjaelland.danmarksveteraner.dk\/wordpress\/index.php?rest_route=\/wp\/v2\/pages\/34"}],"wp:attachment":[{"href":"https:\/\/nordsjaelland.danmarksveteraner.dk\/wordpress\/index.php?rest_route=%2Fwp%2Fv2%2Fmedia&parent=39"}],"curies":[{"name":"wp","href":"https:\/\/api.w.org\/{rel}","templated":true}]}}